{"id":12049,"date":"2025-04-23T10:49:51","date_gmt":"2025-04-23T08:49:51","guid":{"rendered":"https:\/\/www.graeber.rentals\/?post_type=stellenangebot&#038;p=12049"},"modified":"2025-06-02T15:43:41","modified_gmt":"2025-06-02T13:43:41","slug":"servicetechniker-in-fuer-singen-m-w-d","status":"publish","type":"stellenangebot","link":"https:\/\/www.graeber.rentals\/fr\/stellenangebot\/servicetechniker-in-fuer-singen-m-w-d\/","title":{"rendered":"DIRECTION DU SERVICE INTERNATIONAL POUR SINGEN OU KONSTANZ (H\/F)"},"content":{"rendered":"<div data-elementor-type=\"wp-post\" data-elementor-id=\"12049\" class=\"elementor elementor-12049\" data-elementor-post-type=\"stellenangebot\">\n\t\t\t\t\t\t<section class=\"elementor-section elementor-top-section elementor-element elementor-element-c310c5c elementor-section-height-min-height elementor-section-items-stretch elementor-hidden-desktop elementor-hidden-laptop elementor-hidden-tablet elementor-hidden-mobile elementor-section-boxed elementor-section-height-default\" data-id=\"c310c5c\" data-element_type=\"section\" data-e-type=\"section\" data-settings=\"{&quot;background_background&quot;:&quot;classic&quot;}\">\n\t\t\t\t\t\t<div class=\"elementor-container elementor-column-gap-no\">\n\t\t\t\t\t<div class=\"elementor-column elementor-col-100 elementor-top-column elementor-element elementor-element-fe33900\" data-id=\"fe33900\" data-element_type=\"column\" data-e-type=\"column\">\n\t\t\t<div class=\"elementor-widget-wrap\">\n\t\t\t\t\t\t\t<\/div>\n\t\t<\/div>\n\t\t\t\t\t<\/div>\n\t\t<\/section>\n\t\t\t\t<section class=\"elementor-section elementor-top-section elementor-element elementor-element-d921e71 elementor-section-boxed elementor-section-height-default elementor-section-height-default\" data-id=\"d921e71\" data-element_type=\"section\" data-e-type=\"section\">\n\t\t\t\t\t\t<div class=\"elementor-container elementor-column-gap-wide\">\n\t\t\t\t\t<div class=\"elementor-column elementor-col-100 elementor-top-column elementor-element elementor-element-bc4c408\" data-id=\"bc4c408\" data-element_type=\"column\" data-e-type=\"column\">\n\t\t\t<div class=\"elementor-widget-wrap elementor-element-populated\">\n\t\t\t\t\t\t<div class=\"elementor-element elementor-element-a3c5c7c elementor-widget__width-initial elementor-widget elementor-widget-jet-headline\" data-id=\"a3c5c7c\" data-element_type=\"widget\" data-e-type=\"widget\" data-widget_type=\"jet-headline.default\">\n\t\t\t\t<div class=\"elementor-widget-container\">\n\t\t\t\t\t<h1 class=\"jet-headline jet-headline--direction-vertical\"><span class=\"jet-headline__part jet-headline__first\"><span class=\"jet-headline__label\">DIRECTION DU SERVICE INTERNATIONAL POUR SINGEN OU KONSTANZ (H\/F)<\/span><\/span><span class=\"jet-headline__part jet-headline__second\"><span class=\"jet-headline__label\">\u00c9tablissement \u00e0 Constance<\/span><\/span><\/h1>\t\t\t\t<\/div>\n\t\t\t\t<\/div>\n\t\t\t\t\t<\/div>\n\t\t<\/div>\n\t\t\t\t\t<\/div>\n\t\t<\/section>\n\t\t\t\t<section class=\"elementor-section elementor-top-section elementor-element elementor-element-f06f2d7 elementor-section-boxed elementor-section-height-default elementor-section-height-default\" data-id=\"f06f2d7\" data-element_type=\"section\" data-e-type=\"section\">\n\t\t\t\t\t\t<div class=\"elementor-container elementor-column-gap-wide\">\n\t\t\t\t\t<div class=\"elementor-column elementor-col-50 elementor-top-column elementor-element elementor-element-74b21d7\" data-id=\"74b21d7\" data-element_type=\"column\" data-e-type=\"column\">\n\t\t\t<div class=\"elementor-widget-wrap elementor-element-populated\">\n\t\t\t\t\t\t<div class=\"elementor-element elementor-element-15cd3cb elementor-widget elementor-widget-heading\" data-id=\"15cd3cb\" data-element_type=\"widget\" data-e-type=\"widget\" data-widget_type=\"heading.default\">\n\t\t\t\t<div class=\"elementor-widget-container\">\n\t\t\t\t\t<h3 class=\"elementor-heading-title elementor-size-default\">TES T\u00c2CHES CHEZ NOUS :<\/h3>\t\t\t\t<\/div>\n\t\t\t\t<\/div>\n\t\t\t\t<div class=\"elementor-element elementor-element-86940ea elementor-widget__width-initial elementor-widget elementor-widget-text-editor\" data-id=\"86940ea\" data-element_type=\"widget\" data-e-type=\"widget\" data-widget_type=\"text-editor.default\">\n\t\t\t\t<div class=\"elementor-widget-container\">\n\t\t\t\t\t\t\t\t\t<ul><li><p>Responsabilit\u00e9 de la gestion et de la coordination des activit\u00e9s internationales de service pour les nacelles, les chariots t\u00e9lescopiques et les chariots \u00e9l\u00e9vateurs \u00e0 fourche<\/p><\/li><li><p>assurer la qualit\u00e9 et l'efficacit\u00e9 des services, notamment sur les march\u00e9s europ\u00e9ens<\/p><\/li><li>Planification strat\u00e9gique et mise en \u0153uvre de processus et de normes de service<\/li><li>Optimisation des processus de service et gestion des co\u00fbts<\/li><li>Collaboration active avec le service commercial, l'atelier et la disposition pour d\u00e9velopper et mettre en \u0153uvre des offres de service sur mesure<\/li><li>Cr\u00e9ation et mise en \u0153uvre de concepts de service pour le march\u00e9 europ\u00e9en<\/li><li>Identification et mise en \u0153uvre de potentiels d'am\u00e9lioration de la qualit\u00e9 du service<\/li><li>Interlocuteur pour les grands comptes et les partenaires internationaux<\/li><li>Disponibilit\u00e9 \u00e0 voyager pour s'occuper de projets et de clients internationaux\u00a0<\/li><li>Gestion autonome des r\u00e9parations sur nos projets\u00a0<\/li><\/ul>\t\t\t\t\t\t\t\t<\/div>\n\t\t\t\t<\/div>\n\t\t\t\t<div class=\"elementor-element elementor-element-79299db elementor-widget elementor-widget-spacer\" data-id=\"79299db\" data-element_type=\"widget\" data-e-type=\"widget\" data-widget_type=\"spacer.default\">\n\t\t\t\t<div class=\"elementor-widget-container\">\n\t\t\t\t\t\t\t<div class=\"elementor-spacer\">\n\t\t\t<div class=\"elementor-spacer-inner\"><\/div>\n\t\t<\/div>\n\t\t\t\t\t\t<\/div>\n\t\t\t\t<\/div>\n\t\t\t\t<div class=\"elementor-element elementor-element-8abcd14 elementor-widget elementor-widget-heading\" data-id=\"8abcd14\" data-element_type=\"widget\" data-e-type=\"widget\" data-widget_type=\"heading.default\">\n\t\t\t\t<div class=\"elementor-widget-container\">\n\t\t\t\t\t<h3 class=\"elementor-heading-title elementor-size-default\">TU APPORTES CELA :<\/h3>\t\t\t\t<\/div>\n\t\t\t\t<\/div>\n\t\t\t\t<div class=\"elementor-element elementor-element-469df70 elementor-widget__width-initial elementor-widget elementor-widget-text-editor\" data-id=\"469df70\" data-element_type=\"widget\" data-e-type=\"widget\" data-widget_type=\"text-editor.default\">\n\t\t\t\t<div class=\"elementor-widget-container\">\n\t\t\t\t\t\t\t\t\t<ul><li>\u00c9tudes techniques achev\u00e9es ou formation achev\u00e9e dans le domaine de l'ing\u00e9nierie m\u00e9canique, de l'ing\u00e9nierie automobile ou dans une autre discipline pertinente<\/li><li>Plusieurs ann\u00e9es d'exp\u00e9rience en atelier, de pr\u00e9f\u00e9rence dans le domaine des nacelles \u00e9l\u00e9vatrices, des chariots t\u00e9lescopiques et des chariots \u00e9l\u00e9vateurs \u00e0 fourche<\/li><li>Exp\u00e9rience dans le d\u00e9veloppement de processus de service<\/li><li>Tr\u00e8s bonnes capacit\u00e9s de communication en allemand et en anglais (d'autres langues \u00e9trang\u00e8res sont un atout)<\/li><li>Pr\u00eat \u00e0 voyager<\/li><li>M\u00e9thode de travail ind\u00e9pendante, orient\u00e9e vers les solutions et capacit\u00e9s analytiques prononc\u00e9es<\/li><\/ul>\t\t\t\t\t\t\t\t<\/div>\n\t\t\t\t<\/div>\n\t\t\t\t<div class=\"elementor-element elementor-element-7c3df77 elementor-widget elementor-widget-spacer\" data-id=\"7c3df77\" data-element_type=\"widget\" data-e-type=\"widget\" data-widget_type=\"spacer.default\">\n\t\t\t\t<div class=\"elementor-widget-container\">\n\t\t\t\t\t\t\t<div class=\"elementor-spacer\">\n\t\t\t<div class=\"elementor-spacer-inner\"><\/div>\n\t\t<\/div>\n\t\t\t\t\t\t<\/div>\n\t\t\t\t<\/div>\n\t\t\t\t<div class=\"elementor-element elementor-element-3d20e33 elementor-widget elementor-widget-heading\" data-id=\"3d20e33\" data-element_type=\"widget\" data-e-type=\"widget\" data-widget_type=\"heading.default\">\n\t\t\t\t<div class=\"elementor-widget-container\">\n\t\t\t\t\t<h3 class=\"elementor-heading-title elementor-size-default\">VOIL\u00c0 CE QUI T'ATTEND CHEZ NOUS :<\/h3>\t\t\t\t<\/div>\n\t\t\t\t<\/div>\n\t\t\t\t<div class=\"elementor-element elementor-element-9d3a986 elementor-widget__width-initial elementor-widget elementor-widget-text-editor\" data-id=\"9d3a986\" data-element_type=\"widget\" data-e-type=\"widget\" data-widget_type=\"text-editor.default\">\n\t\t\t\t<div class=\"elementor-widget-container\">\n\t\t\t\t\t\t\t\t\t<ul><li>Des activit\u00e9s exigeantes et vari\u00e9es qui ont de l'avenir<\/li><li>Possibilit\u00e9s de formation continue<\/li><li><p>V\u00eatements de travail modernes et de haute qualit\u00e9 pour toutes les saisons<\/p><\/li><li><p>Collaboration \u00e0 long terme gr\u00e2ce \u00e0 un contrat de travail \u00e0 dur\u00e9e ind\u00e9termin\u00e9e<\/p><\/li><li><p>une r\u00e9mun\u00e9ration attrayante et adapt\u00e9e aux prestations<\/p><\/li><li><p>Une hi\u00e9rarchie plate au sein d'une \u00e9quipe jeune et rest\u00e9e jeune<\/p><\/li><\/ul>\t\t\t\t\t\t\t\t<\/div>\n\t\t\t\t<\/div>\n\t\t\t\t<div class=\"elementor-element elementor-element-51820c3 elementor-widget elementor-widget-spacer\" data-id=\"51820c3\" data-element_type=\"widget\" data-e-type=\"widget\" data-widget_type=\"spacer.default\">\n\t\t\t\t<div class=\"elementor-widget-container\">\n\t\t\t\t\t\t\t<div class=\"elementor-spacer\">\n\t\t\t<div class=\"elementor-spacer-inner\"><\/div>\n\t\t<\/div>\n\t\t\t\t\t\t<\/div>\n\t\t\t\t<\/div>\n\t\t\t\t<div class=\"elementor-element elementor-element-b2d3b14 elementor-widget elementor-widget-text-editor\" data-id=\"b2d3b14\" data-element_type=\"widget\" data-e-type=\"widget\" data-widget_type=\"text-editor.default\">\n\t\t\t\t<div class=\"elementor-widget-container\">\n\t\t\t\t\t\t\t\t\t<p>Nous misons sur les forces de chacun et obtenons des r\u00e9sultats exceptionnels en \u00e9quipe - tout en prenant plaisir \u00e0 notre travail, qui comporte de nombreux d\u00e9fis. Chaque jour ! Nous t'offrons un travail ind\u00e9pendant avec des espaces de cr\u00e9ation dans un emploi d'avenir d'un secteur en pleine croissance.<\/p><p>Tu aimes le contact avec les gens, tu es engag\u00e9(e), fiable et tu aimes travailler en \u00e9quipe ? Alors nous nous r\u00e9jouissons de recevoir ta candidature !<\/p>\t\t\t\t\t\t\t\t<\/div>\n\t\t\t\t<\/div>\n\t\t\t\t<div class=\"elementor-element elementor-element-9bfb08f elementor-widget elementor-widget-text-editor\" data-id=\"9bfb08f\" data-element_type=\"widget\" data-e-type=\"widget\" data-widget_type=\"text-editor.default\">\n\t\t\t\t<div class=\"elementor-widget-container\">\n\t\t\t\t\t\t\t\t\t<p>Contact : Manuel Gutacker<br \/>T\u00e9l\u00e9phone : <a href=\"tel:+49773188050\">+49 (0) 7731 880-50<\/a><br \/>Courrier \u00e9lectronique : <a href=\"mailto:manuel.gutacker@graeber.rentals\">manuel.gutacker@graeber.rentals<\/a><\/p>\t\t\t\t\t\t\t\t<\/div>\n\t\t\t\t<\/div>\n\t\t\t\t<div class=\"elementor-element elementor-element-270e57d elementor-widget elementor-widget-button\" data-id=\"270e57d\" data-element_type=\"widget\" data-e-type=\"widget\" data-widget_type=\"button.default\">\n\t\t\t\t<div class=\"elementor-widget-container\">\n\t\t\t\t\t\t\t\t\t<div class=\"elementor-button-wrapper\">\n\t\t\t\t\t<a class=\"elementor-button elementor-button-link elementor-size-sm\" href=\"mailto:manuel.gutacker@graeber.rentals\">\n\t\t\t\t\t\t<span class=\"elementor-button-content-wrapper\">\n\t\t\t\t\t\t\t\t\t<span class=\"elementor-button-text\">Postuler maintenant<\/span>\n\t\t\t\t\t<\/span>\n\t\t\t\t\t<\/a>\n\t\t\t\t<\/div>\n\t\t\t\t\t\t\t\t<\/div>\n\t\t\t\t<\/div>\n\t\t\t\t\t<\/div>\n\t\t<\/div>\n\t\t\t\t<div class=\"elementor-column elementor-col-50 elementor-top-column elementor-element elementor-element-792d4d4\" data-id=\"792d4d4\" data-element_type=\"column\" data-e-type=\"column\">\n\t\t\t<div class=\"elementor-widget-wrap elementor-element-populated\">\n\t\t\t\t\t\t<section class=\"elementor-section elementor-inner-section elementor-element elementor-element-bc6c153 align-left elementor-section-boxed elementor-section-height-default elementor-section-height-default\" data-id=\"bc6c153\" data-element_type=\"section\" data-e-type=\"section\">\n\t\t\t\t\t\t<div class=\"elementor-container elementor-column-gap-no\">\n\t\t\t\t\t<div class=\"elementor-column elementor-col-100 elementor-inner-column elementor-element elementor-element-86d45c6\" data-id=\"86d45c6\" data-element_type=\"column\" data-e-type=\"column\">\n\t\t\t<div class=\"elementor-widget-wrap elementor-element-populated\">\n\t\t\t\t\t\t<div class=\"elementor-element elementor-element-5f6f057 elementor-widget__width-auto elementor-widget elementor-widget-image\" data-id=\"5f6f057\" data-element_type=\"widget\" data-e-type=\"widget\" data-widget_type=\"image.default\">\n\t\t\t\t<div class=\"elementor-widget-container\">\n\t\t\t\t\t\t\t\t\t\t\t\t\t\t\t<img decoding=\"async\" src=\"https:\/\/www.graeber.rentals\/wp-content\/uploads\/2025\/06\/Service-Leitung-International-Stellenangebot_02062025.pdf\" title=\"\" alt=\"\" loading=\"lazy\" \/>\t\t\t\t\t\t\t\t\t\t\t\t\t\t\t<\/div>\n\t\t\t\t<\/div>\n\t\t\t\t<div class=\"elementor-element elementor-element-e2825fe elementor-widget elementor-widget-spacer\" data-id=\"e2825fe\" data-element_type=\"widget\" data-e-type=\"widget\" data-widget_type=\"spacer.default\">\n\t\t\t\t<div class=\"elementor-widget-container\">\n\t\t\t\t\t\t\t<div class=\"elementor-spacer\">\n\t\t\t<div class=\"elementor-spacer-inner\"><\/div>\n\t\t<\/div>\n\t\t\t\t\t\t<\/div>\n\t\t\t\t<\/div>\n\t\t\t\t<div class=\"elementor-element elementor-element-bb16ab0 elementor-align-center elementor-widget elementor-widget-button\" data-id=\"bb16ab0\" data-element_type=\"widget\" data-e-type=\"widget\" data-widget_type=\"button.default\">\n\t\t\t\t<div class=\"elementor-widget-container\">\n\t\t\t\t\t\t\t\t\t<div class=\"elementor-button-wrapper\">\n\t\t\t\t\t<a class=\"elementor-button elementor-button-link elementor-size-sm\" href=\"https:\/\/www.graeber.rentals\/wp-content\/uploads\/2025\/06\/Service-Leitung-International-Stellenangebot_02062025.pdf\">\n\t\t\t\t\t\t<span class=\"elementor-button-content-wrapper\">\n\t\t\t\t\t\t<span class=\"elementor-button-icon\">\n\t\t\t\t<i aria-hidden=\"true\" class=\"far fa-file-pdf\"><\/i>\t\t\t<\/span>\n\t\t\t\t\t\t\t\t\t<span class=\"elementor-button-text\">T\u00e9l\u00e9charger l'offre d'emploi<\/span>\n\t\t\t\t\t<\/span>\n\t\t\t\t\t<\/a>\n\t\t\t\t<\/div>\n\t\t\t\t\t\t\t\t<\/div>\n\t\t\t\t<\/div>\n\t\t\t\t<div class=\"elementor-element elementor-element-d8a1edb elementor-widget elementor-widget-spacer\" data-id=\"d8a1edb\" data-element_type=\"widget\" data-e-type=\"widget\" data-widget_type=\"spacer.default\">\n\t\t\t\t<div class=\"elementor-widget-container\">\n\t\t\t\t\t\t\t<div class=\"elementor-spacer\">\n\t\t\t<div class=\"elementor-spacer-inner\"><\/div>\n\t\t<\/div>\n\t\t\t\t\t\t<\/div>\n\t\t\t\t<\/div>\n\t\t\t\t\t<\/div>\n\t\t<\/div>\n\t\t\t\t\t<\/div>\n\t\t<\/section>\n\t\t\t\t<section class=\"elementor-section elementor-inner-section elementor-element elementor-element-fbb54b6 align-left elementor-section-boxed elementor-section-height-default elementor-section-height-default\" data-id=\"fbb54b6\" data-element_type=\"section\" data-e-type=\"section\">\n\t\t\t\t\t\t<div class=\"elementor-container elementor-column-gap-wide\">\n\t\t\t\t\t<div class=\"elementor-column elementor-col-100 elementor-inner-column elementor-element elementor-element-ee97e73\" data-id=\"ee97e73\" data-element_type=\"column\" data-e-type=\"column\" data-settings=\"{&quot;background_background&quot;:&quot;classic&quot;}\">\n\t\t\t<div class=\"elementor-widget-wrap elementor-element-populated\">\n\t\t\t\t\t\t<div class=\"elementor-element elementor-element-09ba65f elementor-widget elementor-widget-heading\" data-id=\"09ba65f\" data-element_type=\"widget\" data-e-type=\"widget\" data-widget_type=\"heading.default\">\n\t\t\t\t<div class=\"elementor-widget-container\">\n\t\t\t\t\t<h3 class=\"elementor-heading-title elementor-size-default\">VUE D'ENSEMBLE<\/h3>\t\t\t\t<\/div>\n\t\t\t\t<\/div>\n\t\t\t\t<div class=\"elementor-element elementor-element-bf64eea elementor-align-start elementor-icon-list--layout-traditional elementor-list-item-link-full_width elementor-widget elementor-widget-icon-list\" data-id=\"bf64eea\" data-element_type=\"widget\" data-e-type=\"widget\" data-widget_type=\"icon-list.default\">\n\t\t\t\t<div class=\"elementor-widget-container\">\n\t\t\t\t\t\t\t<ul class=\"elementor-icon-list-items\">\n\t\t\t\t\t\t\t<li class=\"elementor-icon-list-item\">\n\t\t\t\t\t\t\t\t\t\t\t<span class=\"elementor-icon-list-icon\">\n\t\t\t\t\t\t\t<i aria-hidden=\"true\" class=\"fas fa-circle\"><\/i>\t\t\t\t\t\t<\/span>\n\t\t\t\t\t\t\t\t\t\t<span class=\"elementor-icon-list-text\">DIRECTION DU SERVICE INTERNATIONAL POUR SINGEN OU KONSTANZ (H\/F)<\/span>\n\t\t\t\t\t\t\t\t\t<\/li>\n\t\t\t\t\t\t\t\t<li class=\"elementor-icon-list-item\">\n\t\t\t\t\t\t\t\t\t\t\t<span class=\"elementor-icon-list-icon\">\n\t\t\t\t\t\t\t<i aria-hidden=\"true\" class=\"fas fa-circle\"><\/i>\t\t\t\t\t\t<\/span>\n\t\t\t\t\t\t\t\t\t\t<span class=\"elementor-icon-list-text\">Constance<\/span>\n\t\t\t\t\t\t\t\t\t<\/li>\n\t\t\t\t\t\t\t\t<li class=\"elementor-icon-list-item\">\n\t\t\t\t\t\t\t\t\t\t\t<span class=\"elementor-icon-list-icon\">\n\t\t\t\t\t\t\t<i aria-hidden=\"true\" class=\"fas fa-circle\"><\/i>\t\t\t\t\t\t<\/span>\n\t\t\t\t\t\t\t\t\t\t<span class=\"elementor-icon-list-text\">Dur\u00e9e ind\u00e9termin\u00e9e<\/span>\n\t\t\t\t\t\t\t\t\t<\/li>\n\t\t\t\t\t\t\t\t<li class=\"elementor-icon-list-item\">\n\t\t\t\t\t\t\t\t\t\t\t<span class=\"elementor-icon-list-icon\">\n\t\t\t\t\t\t\t<i aria-hidden=\"true\" class=\"fas fa-circle\"><\/i>\t\t\t\t\t\t<\/span>\n\t\t\t\t\t\t\t\t\t\t<span class=\"elementor-icon-list-text\">Temps plein<\/span>\n\t\t\t\t\t\t\t\t\t<\/li>\n\t\t\t\t\t\t<\/ul>\n\t\t\t\t\t\t<\/div>\n\t\t\t\t<\/div>\n\t\t\t\t<div class=\"elementor-element elementor-element-25f8f18 elementor-widget elementor-widget-text-editor\" data-id=\"25f8f18\" data-element_type=\"widget\" data-e-type=\"widget\" data-widget_type=\"text-editor.default\">\n\t\t\t\t<div class=\"elementor-widget-container\">\n\t\t\t\t\t\t\t\t\t<p>Salaire : \u00e0 convenir<br \/>D\u00e9but du travail : de suite<br \/>Disponibilit\u00e9 \u00e0 voyager : n\u00e9cessaire<\/p>\t\t\t\t\t\t\t\t<\/div>\n\t\t\t\t<\/div>\n\t\t\t\t<div class=\"elementor-element elementor-element-0a71585 elementor-align-center elementor-widget elementor-widget-button\" data-id=\"0a71585\" data-element_type=\"widget\" data-e-type=\"widget\" data-widget_type=\"button.default\">\n\t\t\t\t<div class=\"elementor-widget-container\">\n\t\t\t\t\t\t\t\t\t<div class=\"elementor-button-wrapper\">\n\t\t\t\t\t<a class=\"elementor-button elementor-button-link elementor-size-sm\" href=\"mailto:manuel.gutacker@graeber.rentals\">\n\t\t\t\t\t\t<span class=\"elementor-button-content-wrapper\">\n\t\t\t\t\t\t\t\t\t<span class=\"elementor-button-text\">Postuler maintenant<\/span>\n\t\t\t\t\t<\/span>\n\t\t\t\t\t<\/a>\n\t\t\t\t<\/div>\n\t\t\t\t\t\t\t\t<\/div>\n\t\t\t\t<\/div>\n\t\t\t\t\t<\/div>\n\t\t<\/div>\n\t\t\t\t\t<\/div>\n\t\t<\/section>\n\t\t\t\t<div class=\"elementor-element elementor-element-3dc4ffc elementor-widget elementor-widget-spacer\" data-id=\"3dc4ffc\" data-element_type=\"widget\" data-e-type=\"widget\" data-widget_type=\"spacer.default\">\n\t\t\t\t<div class=\"elementor-widget-container\">\n\t\t\t\t\t\t\t<div class=\"elementor-spacer\">\n\t\t\t<div class=\"elementor-spacer-inner\"><\/div>\n\t\t<\/div>\n\t\t\t\t\t\t<\/div>\n\t\t\t\t<\/div>\n\t\t\t\t\t<\/div>\n\t\t<\/div>\n\t\t\t\t\t<\/div>\n\t\t<\/section>\n\t\t\t\t<section class=\"elementor-section elementor-top-section elementor-element elementor-element-58e5755 elementor-section-boxed elementor-section-height-default elementor-section-height-default\" data-id=\"58e5755\" data-element_type=\"section\" data-e-type=\"section\">\n\t\t\t\t\t\t<div class=\"elementor-container elementor-column-gap-default\">\n\t\t\t\t\t<div class=\"elementor-column elementor-col-100 elementor-top-column elementor-element elementor-element-9fe4caf\" data-id=\"9fe4caf\" data-element_type=\"column\" data-e-type=\"column\">\n\t\t\t<div class=\"elementor-widget-wrap\">\n\t\t\t\t\t\t\t<\/div>\n\t\t<\/div>\n\t\t\t\t\t<\/div>\n\t\t<\/section>\n\t\t\t\t<\/div>","protected":false},"template":"","meta":{"site-sidebar-layout":"no-sidebar","site-content-layout":"page-builder","ast-site-content-layout":"full-width-container","site-content-style":"unboxed","site-sidebar-style":"unboxed","ast-global-header-display":"","ast-banner-title-visibility":"","ast-main-header-display":"","ast-hfb-above-header-display":"","ast-hfb-below-header-display":"","ast-hfb-mobile-header-display":"","site-post-title":"disabled","ast-breadcrumbs-content":"","ast-featured-img":"disabled","footer-sml-layout":"","ast-disable-related-posts":"","theme-transparent-header-meta":"default","adv-header-id-meta":"","stick-header-meta":"","header-above-stick-meta":"","header-main-stick-meta":"","header-below-stick-meta":"","astra-migrate-meta-layouts":"set","ast-page-background-enabled":"default","ast-page-background-meta":{"desktop":{"background-color":"var(--ast-global-color-4)","background-image":"","background-repeat":"repeat","background-position":"center center","background-size":"auto","background-attachment":"scroll","background-type":"","background-media":"","overlay-type":"","overlay-color":"","overlay-opacity":"","overlay-gradient":""},"tablet":{"background-color":"","background-image":"","background-repeat":"repeat","background-position":"center center","background-size":"auto","background-attachment":"scroll","background-type":"","background-media":"","overlay-type":"","overlay-color":"","overlay-opacity":"","overlay-gradient":""},"mobile":{"background-color":"","background-image":"","background-repeat":"repeat","background-position":"center center","background-size":"auto","background-attachment":"scroll","background-type":"","background-media":"","overlay-type":"","overlay-color":"","overlay-opacity":"","overlay-gradient":""}},"ast-content-background-meta":{"desktop":{"background-color":"var(--ast-global-color-5)","background-image":"","background-repeat":"repeat","background-position":"center center","background-size":"auto","background-attachment":"scroll","background-type":"","background-media":"","overlay-type":"","overlay-color":"","overlay-opacity":"","overlay-gradient":""},"tablet":{"background-color":"var(--ast-global-color-5)","background-image":"","background-repeat":"repeat","background-position":"center center","background-size":"auto","background-attachment":"scroll","background-type":"","background-media":"","overlay-type":"","overlay-color":"","overlay-opacity":"","overlay-gradient":""},"mobile":{"background-color":"var(--ast-global-color-5)","background-image":"","background-repeat":"repeat","background-position":"center center","background-size":"auto","background-attachment":"scroll","background-type":"","background-media":"","overlay-type":"","overlay-color":"","overlay-opacity":"","overlay-gradient":""}}},"einstiegslevel":[45,46],"einsatzbereiche":[33,32],"standorte":[7,9],"class_list":["post-12049","stellenangebot","type-stellenangebot","status-publish","hentry","einstiegslevel-anfaenger","einstiegslevel-erfahren","einsatzbereiche-aussen","einsatzbereiche-innen","standorte-konstanz","standorte-singen"],"yoast_head":"<!-- This site is optimized with the Yoast SEO plugin v27.4 - https:\/\/yoast.com\/product\/yoast-seo-wordpress\/ -->\n<title>SERVICE-LEITUNG INTERNATIONAL F\u00dcR SINGEN ODER KONSTANZ (M\/W\/D) - Gr\u00e4ber - Rentals<\/title>\n<meta name=\"robots\" content=\"index, follow, max-snippet:-1, max-image-preview:large, max-video-preview:-1\" \/>\n<link rel=\"canonical\" href=\"https:\/\/www.graeber.rentals\/fr\/stellenangebot\/servicetechniker-in-fuer-singen-m-w-d\/\" \/>\n<meta property=\"og:locale\" content=\"fr_FR\" \/>\n<meta property=\"og:type\" content=\"article\" \/>\n<meta property=\"og:title\" content=\"SERVICE-LEITUNG INTERNATIONAL F\u00dcR SINGEN ODER KONSTANZ (M\/W\/D) - Gr\u00e4ber - Rentals\" \/>\n<meta property=\"og:description\" content=\"DEINE AUFGABEN BEI UNS: Verantwortung f\u00fcr die Leitung und Koordination des internationalen Servicegesch\u00e4fts f\u00fcr Arbeitsb\u00fchnen, Teleskopstapler und Gabelstapler Sicherstellung der Qualit\u00e4t und Effizienz der Serviceleistungen, vor allem in den europ\u00e4ischen M\u00e4rkten Strategische Planung und Umsetzung von Serviceprozessen und-Standards Optimierung von Serviceabl\u00e4ufen und Kostenmanagement Aktive Zusammenarbeit mit Vertrieb, Werkstatt und Disposition, um ma\u00dfgeschneiderte Serviceangebote zu entwickeln [&hellip;]\" \/>\n<meta property=\"og:url\" content=\"https:\/\/www.graeber.rentals\/fr\/stellenangebot\/servicetechniker-in-fuer-singen-m-w-d\/\" \/>\n<meta property=\"og:site_name\" content=\"Gr\u00e4ber - Rentals\" \/>\n<meta property=\"article:publisher\" content=\"https:\/\/www.facebook.com\/graeber.ag\/\" \/>\n<meta property=\"article:modified_time\" content=\"2025-06-02T13:43:41+00:00\" \/>\n<meta property=\"og:image\" content=\"https:\/\/www.graeber.rentals\/wp-content\/uploads\/2025\/06\/Service-Leitung-International-Stellenangebot_02062025.pdf\" \/>\n<meta name=\"twitter:card\" content=\"summary_large_image\" \/>\n<script type=\"application\/ld+json\" class=\"yoast-schema-graph\">{\"@context\":\"https:\\\/\\\/schema.org\",\"@graph\":[{\"@type\":\"WebPage\",\"@id\":\"https:\\\/\\\/www.graeber.rentals\\\/stellenangebot\\\/servicetechniker-in-fuer-singen-m-w-d\\\/\",\"url\":\"https:\\\/\\\/www.graeber.rentals\\\/stellenangebot\\\/servicetechniker-in-fuer-singen-m-w-d\\\/\",\"name\":\"SERVICE-LEITUNG INTERNATIONAL F\u00dcR SINGEN ODER KONSTANZ (M\\\/W\\\/D) - Gr\u00e4ber - Rentals\",\"isPartOf\":{\"@id\":\"https:\\\/\\\/www.graeber.rentals\\\/#website\"},\"primaryImageOfPage\":{\"@id\":\"https:\\\/\\\/www.graeber.rentals\\\/stellenangebot\\\/servicetechniker-in-fuer-singen-m-w-d\\\/#primaryimage\"},\"image\":{\"@id\":\"https:\\\/\\\/www.graeber.rentals\\\/stellenangebot\\\/servicetechniker-in-fuer-singen-m-w-d\\\/#primaryimage\"},\"thumbnailUrl\":\"https:\\\/\\\/www.graeber.rentals\\\/wp-content\\\/uploads\\\/2025\\\/06\\\/Service-Leitung-International-Stellenangebot_02062025.pdf\",\"datePublished\":\"2025-04-23T08:49:51+00:00\",\"dateModified\":\"2025-06-02T13:43:41+00:00\",\"breadcrumb\":{\"@id\":\"https:\\\/\\\/www.graeber.rentals\\\/stellenangebot\\\/servicetechniker-in-fuer-singen-m-w-d\\\/#breadcrumb\"},\"inLanguage\":\"fr-FR\",\"potentialAction\":[{\"@type\":\"ReadAction\",\"target\":[\"https:\\\/\\\/www.graeber.rentals\\\/stellenangebot\\\/servicetechniker-in-fuer-singen-m-w-d\\\/\"]}]},{\"@type\":\"ImageObject\",\"inLanguage\":\"fr-FR\",\"@id\":\"https:\\\/\\\/www.graeber.rentals\\\/stellenangebot\\\/servicetechniker-in-fuer-singen-m-w-d\\\/#primaryimage\",\"url\":\"https:\\\/\\\/www.graeber.rentals\\\/wp-content\\\/uploads\\\/2025\\\/06\\\/Service-Leitung-International-Stellenangebot_02062025.pdf\",\"contentUrl\":\"https:\\\/\\\/www.graeber.rentals\\\/wp-content\\\/uploads\\\/2025\\\/06\\\/Service-Leitung-International-Stellenangebot_02062025.pdf\"},{\"@type\":\"BreadcrumbList\",\"@id\":\"https:\\\/\\\/www.graeber.rentals\\\/stellenangebot\\\/servicetechniker-in-fuer-singen-m-w-d\\\/#breadcrumb\",\"itemListElement\":[{\"@type\":\"ListItem\",\"position\":1,\"name\":\"Startseite\",\"item\":\"https:\\\/\\\/www.graeber.rentals\\\/\"},{\"@type\":\"ListItem\",\"position\":2,\"name\":\"SERVICE-LEITUNG INTERNATIONAL F\u00dcR SINGEN ODER KONSTANZ (M\\\/W\\\/D)\"}]},{\"@type\":\"WebSite\",\"@id\":\"https:\\\/\\\/www.graeber.rentals\\\/#website\",\"url\":\"https:\\\/\\\/www.graeber.rentals\\\/\",\"name\":\"Gr\u00e4ber - Rentals\",\"description\":\"\",\"publisher\":{\"@id\":\"https:\\\/\\\/www.graeber.rentals\\\/#organization\"},\"potentialAction\":[{\"@type\":\"SearchAction\",\"target\":{\"@type\":\"EntryPoint\",\"urlTemplate\":\"https:\\\/\\\/www.graeber.rentals\\\/?s={search_term_string}\"},\"query-input\":{\"@type\":\"PropertyValueSpecification\",\"valueRequired\":true,\"valueName\":\"search_term_string\"}}],\"inLanguage\":\"fr-FR\"},{\"@type\":\"Organization\",\"@id\":\"https:\\\/\\\/www.graeber.rentals\\\/#organization\",\"name\":\"Gr\u00e4ber - Rentals\",\"url\":\"https:\\\/\\\/www.graeber.rentals\\\/\",\"logo\":{\"@type\":\"ImageObject\",\"inLanguage\":\"fr-FR\",\"@id\":\"https:\\\/\\\/www.graeber.rentals\\\/#\\\/schema\\\/logo\\\/image\\\/\",\"url\":\"https:\\\/\\\/www.graeber.rentals\\\/wp-content\\\/uploads\\\/2022\\\/09\\\/220928_GH_Logo_ohne_Claim_ohne_Kugel.png\",\"contentUrl\":\"https:\\\/\\\/www.graeber.rentals\\\/wp-content\\\/uploads\\\/2022\\\/09\\\/220928_GH_Logo_ohne_Claim_ohne_Kugel.png\",\"width\":1610,\"height\":206,\"caption\":\"Gr\u00e4ber - Rentals\"},\"image\":{\"@id\":\"https:\\\/\\\/www.graeber.rentals\\\/#\\\/schema\\\/logo\\\/image\\\/\"},\"sameAs\":[\"https:\\\/\\\/www.facebook.com\\\/graeber.ag\\\/\",\"https:\\\/\\\/www.instagram.com\\\/p\\\/CM390AuKLO8\\\/\"]}]}<\/script>\n<!-- \/ Yoast SEO plugin. -->","yoast_head_json":{"title":"CHEF DE SERVICE INTERNATIONAL POUR SINGEN OU CONSTANCE (H\/F) - Gr\u00e4ber - Rentals","robots":{"index":"index","follow":"follow","max-snippet":"max-snippet:-1","max-image-preview":"max-image-preview:large","max-video-preview":"max-video-preview:-1"},"canonical":"https:\/\/www.graeber.rentals\/fr\/stellenangebot\/servicetechniker-in-fuer-singen-m-w-d\/","og_locale":"fr_FR","og_type":"article","og_title":"SERVICE-LEITUNG INTERNATIONAL F\u00dcR SINGEN ODER KONSTANZ (M\/W\/D) - Gr\u00e4ber - Rentals","og_description":"DEINE AUFGABEN BEI UNS: Verantwortung f\u00fcr die Leitung und Koordination des internationalen Servicegesch\u00e4fts f\u00fcr Arbeitsb\u00fchnen, Teleskopstapler und Gabelstapler Sicherstellung der Qualit\u00e4t und Effizienz der Serviceleistungen, vor allem in den europ\u00e4ischen M\u00e4rkten Strategische Planung und Umsetzung von Serviceprozessen und-Standards Optimierung von Serviceabl\u00e4ufen und Kostenmanagement Aktive Zusammenarbeit mit Vertrieb, Werkstatt und Disposition, um ma\u00dfgeschneiderte Serviceangebote zu entwickeln [&hellip;]","og_url":"https:\/\/www.graeber.rentals\/fr\/stellenangebot\/servicetechniker-in-fuer-singen-m-w-d\/","og_site_name":"Gr\u00e4ber - Rentals","article_publisher":"https:\/\/www.facebook.com\/graeber.ag\/","article_modified_time":"2025-06-02T13:43:41+00:00","og_image":[{"url":"https:\/\/www.graeber.rentals\/wp-content\/uploads\/2025\/06\/Service-Leitung-International-Stellenangebot_02062025.pdf","type":"","width":"","height":""}],"twitter_card":"summary_large_image","schema":{"@context":"https:\/\/schema.org","@graph":[{"@type":"WebPage","@id":"https:\/\/www.graeber.rentals\/stellenangebot\/servicetechniker-in-fuer-singen-m-w-d\/","url":"https:\/\/www.graeber.rentals\/stellenangebot\/servicetechniker-in-fuer-singen-m-w-d\/","name":"CHEF DE SERVICE INTERNATIONAL POUR SINGEN OU CONSTANCE (H\/F) - Gr\u00e4ber - Rentals","isPartOf":{"@id":"https:\/\/www.graeber.rentals\/#website"},"primaryImageOfPage":{"@id":"https:\/\/www.graeber.rentals\/stellenangebot\/servicetechniker-in-fuer-singen-m-w-d\/#primaryimage"},"image":{"@id":"https:\/\/www.graeber.rentals\/stellenangebot\/servicetechniker-in-fuer-singen-m-w-d\/#primaryimage"},"thumbnailUrl":"https:\/\/www.graeber.rentals\/wp-content\/uploads\/2025\/06\/Service-Leitung-International-Stellenangebot_02062025.pdf","datePublished":"2025-04-23T08:49:51+00:00","dateModified":"2025-06-02T13:43:41+00:00","breadcrumb":{"@id":"https:\/\/www.graeber.rentals\/stellenangebot\/servicetechniker-in-fuer-singen-m-w-d\/#breadcrumb"},"inLanguage":"fr-FR","potentialAction":[{"@type":"ReadAction","target":["https:\/\/www.graeber.rentals\/stellenangebot\/servicetechniker-in-fuer-singen-m-w-d\/"]}]},{"@type":"ImageObject","inLanguage":"fr-FR","@id":"https:\/\/www.graeber.rentals\/stellenangebot\/servicetechniker-in-fuer-singen-m-w-d\/#primaryimage","url":"https:\/\/www.graeber.rentals\/wp-content\/uploads\/2025\/06\/Service-Leitung-International-Stellenangebot_02062025.pdf","contentUrl":"https:\/\/www.graeber.rentals\/wp-content\/uploads\/2025\/06\/Service-Leitung-International-Stellenangebot_02062025.pdf"},{"@type":"BreadcrumbList","@id":"https:\/\/www.graeber.rentals\/stellenangebot\/servicetechniker-in-fuer-singen-m-w-d\/#breadcrumb","itemListElement":[{"@type":"ListItem","position":1,"name":"Startseite","item":"https:\/\/www.graeber.rentals\/"},{"@type":"ListItem","position":2,"name":"SERVICE-LEITUNG INTERNATIONAL F\u00dcR SINGEN ODER KONSTANZ (M\/W\/D)"}]},{"@type":"WebSite","@id":"https:\/\/www.graeber.rentals\/#website","url":"https:\/\/www.graeber.rentals\/","name":"Gr\u00e4ber - Location","description":"","publisher":{"@id":"https:\/\/www.graeber.rentals\/#organization"},"potentialAction":[{"@type":"SearchAction","target":{"@type":"EntryPoint","urlTemplate":"https:\/\/www.graeber.rentals\/?s={search_term_string}"},"query-input":{"@type":"PropertyValueSpecification","valueRequired":true,"valueName":"search_term_string"}}],"inLanguage":"fr-FR"},{"@type":"Organization","@id":"https:\/\/www.graeber.rentals\/#organization","name":"Gr\u00e4ber - Location","url":"https:\/\/www.graeber.rentals\/","logo":{"@type":"ImageObject","inLanguage":"fr-FR","@id":"https:\/\/www.graeber.rentals\/#\/schema\/logo\/image\/","url":"https:\/\/www.graeber.rentals\/wp-content\/uploads\/2022\/09\/220928_GH_Logo_ohne_Claim_ohne_Kugel.png","contentUrl":"https:\/\/www.graeber.rentals\/wp-content\/uploads\/2022\/09\/220928_GH_Logo_ohne_Claim_ohne_Kugel.png","width":1610,"height":206,"caption":"Gr\u00e4ber - Rentals"},"image":{"@id":"https:\/\/www.graeber.rentals\/#\/schema\/logo\/image\/"},"sameAs":["https:\/\/www.facebook.com\/graeber.ag\/","https:\/\/www.instagram.com\/p\/CM390AuKLO8\/"]}]}},"_links":{"self":[{"href":"https:\/\/www.graeber.rentals\/fr\/wp-json\/wp\/v2\/stellenangebot\/12049","targetHints":{"allow":["GET"]}}],"collection":[{"href":"https:\/\/www.graeber.rentals\/fr\/wp-json\/wp\/v2\/stellenangebot"}],"about":[{"href":"https:\/\/www.graeber.rentals\/fr\/wp-json\/wp\/v2\/types\/stellenangebot"}],"version-history":[{"count":16,"href":"https:\/\/www.graeber.rentals\/fr\/wp-json\/wp\/v2\/stellenangebot\/12049\/revisions"}],"predecessor-version":[{"id":12158,"href":"https:\/\/www.graeber.rentals\/fr\/wp-json\/wp\/v2\/stellenangebot\/12049\/revisions\/12158"}],"wp:attachment":[{"href":"https:\/\/www.graeber.rentals\/fr\/wp-json\/wp\/v2\/media?parent=12049"}],"wp:term":[{"taxonomy":"einstiegslevel","embeddable":true,"href":"https:\/\/www.graeber.rentals\/fr\/wp-json\/wp\/v2\/einstiegslevel?post=12049"},{"taxonomy":"einsatzbereiche","embeddable":true,"href":"https:\/\/www.graeber.rentals\/fr\/wp-json\/wp\/v2\/einsatzbereiche?post=12049"},{"taxonomy":"standorte","embeddable":true,"href":"https:\/\/www.graeber.rentals\/fr\/wp-json\/wp\/v2\/standorte?post=12049"}],"curies":[{"name":"wp","href":"https:\/\/api.w.org\/{rel}","templated":true}]}}